{"id":3035,"date":"2024-06-02T17:10:41","date_gmt":"2024-06-02T17:10:41","guid":{"rendered":"https:\/\/settlers.hu\/eu-kek-kartya\/"},"modified":"2026-04-27T09:16:51","modified_gmt":"2026-04-27T09:16:51","slug":"eu-kek-kartya","status":"publish","type":"page","link":"https:\/\/settlers.hu\/hu\/eu-kek-kartya\/","title":{"rendered":"EU k\u00e9k k\u00e1rtya"},"content":{"rendered":"\t\t<div data-elementor-type=\"wp-page\" data-elementor-id=\"3035\" class=\"elementor elementor-3035 elementor-3018\" data-elementor-post-type=\"page\">\n\t\t\t\t\t\t<section class=\"elementor-section elementor-top-section elementor-element elementor-element-112ced2b elementor-section-boxed elementor-section-height-default elementor-section-height-default\" data-id=\"112ced2b\" data-element_type=\"section\" data-e-type=\"section\">\n\t\t\t\t\t\t<div class=\"elementor-container elementor-column-gap-default\">\n\t\t\t\t\t<div class=\"elementor-column elementor-col-100 elementor-top-column elementor-element elementor-element-78f5c8af\" data-id=\"78f5c8af\" data-element_type=\"column\" data-e-type=\"column\">\n\t\t\t<div class=\"elementor-widget-wrap elementor-element-populated\">\n\t\t\t\t\t\t<section class=\"elementor-section elementor-inner-section elementor-element elementor-element-799e0bfe elementor-section-boxed elementor-section-height-default elementor-section-height-default\" data-id=\"799e0bfe\" data-element_type=\"section\" data-e-type=\"section\">\n\t\t\t\t\t\t<div class=\"elementor-container elementor-column-gap-default\">\n\t\t\t\t\t<div class=\"elementor-column elementor-col-50 elementor-inner-column elementor-element elementor-element-6afd7402\" data-id=\"6afd7402\" data-element_type=\"column\" data-e-type=\"column\">\n\t\t\t<div class=\"elementor-widget-wrap elementor-element-populated\">\n\t\t\t\t<div class=\"elementor-element elementor-element-7e4617a e-flex e-con-boxed e-con e-parent\" data-id=\"7e4617a\" data-element_type=\"container\" data-e-type=\"container\">\n\t\t\t\t\t<div class=\"e-con-inner\">\n\t\t\t\t<div class=\"elementor-element elementor-element-81f9622 elementor-widget elementor-widget-text-editor\" data-id=\"81f9622\" data-element_type=\"widget\" data-e-type=\"widget\" data-widget_type=\"text-editor.default\">\n\t\t\t\t<div class=\"elementor-widget-container\">\n\t\t\t\t\t\t\t\t\t<nav class=\"breadcrumb\" aria-label=\"breadcrumb\"><a href=\"https:\/\/settlers.hu\/hu\/tudasbazis\/\">Tud\u00e1sb\u00e1zis<\/a> \u00bb Regisztr\u00e1ci\u00f3s igazol\u00e1s<\/nav>\t\t\t\t\t\t\t\t<\/div>\n\t\t\t\t<\/div>\n\t\t\t\t\t<\/div>\n\t\t\t\t<\/div>\n\t\t\t\t<div class=\"elementor-element elementor-element-03ce7b7 elementor-toc--minimized-on-tablet elementor-widget elementor-widget-table-of-contents\" data-id=\"03ce7b7\" data-element_type=\"widget\" data-e-type=\"widget\" data-settings=\"{&quot;headings_by_tags&quot;:[&quot;h3&quot;],&quot;marker_view&quot;:&quot;bullets&quot;,&quot;min_height&quot;:{&quot;unit&quot;:&quot;px&quot;,&quot;size&quot;:0,&quot;sizes&quot;:[]},&quot;no_headings_message&quot;:&quot;No headings were found on this page.&quot;,&quot;icon&quot;:{&quot;value&quot;:&quot;fas fa-circle&quot;,&quot;library&quot;:&quot;fa-solid&quot;},&quot;minimize_box&quot;:&quot;yes&quot;,&quot;minimized_on&quot;:&quot;tablet&quot;,&quot;hierarchical_view&quot;:&quot;yes&quot;,&quot;min_height_widescreen&quot;:{&quot;unit&quot;:&quot;px&quot;,&quot;size&quot;:&quot;&quot;,&quot;sizes&quot;:[]},&quot;min_height_laptop&quot;:{&quot;unit&quot;:&quot;px&quot;,&quot;size&quot;:&quot;&quot;,&quot;sizes&quot;:[]},&quot;min_height_tablet_extra&quot;:{&quot;unit&quot;:&quot;px&quot;,&quot;size&quot;:&quot;&quot;,&quot;sizes&quot;:[]},&quot;min_height_tablet&quot;:{&quot;unit&quot;:&quot;px&quot;,&quot;size&quot;:&quot;&quot;,&quot;sizes&quot;:[]},&quot;min_height_mobile_extra&quot;:{&quot;unit&quot;:&quot;px&quot;,&quot;size&quot;:&quot;&quot;,&quot;sizes&quot;:[]},&quot;min_height_mobile&quot;:{&quot;unit&quot;:&quot;px&quot;,&quot;size&quot;:&quot;&quot;,&quot;sizes&quot;:[]}}\" data-widget_type=\"table-of-contents.default\">\n\t\t\t\t<div class=\"elementor-widget-container\">\n\t\t\t\t\t\t\t\t\t<div class=\"elementor-toc__header\">\n\t\t\t\t\t\t<h2 class=\"elementor-toc__header-title\">\n\t\t\t\tTartalom\t\t\t<\/h2>\n\t\t\t\t\t\t\t\t\t\t<div class=\"elementor-toc__toggle-button elementor-toc__toggle-button--expand\" role=\"button\" tabindex=\"0\" aria-controls=\"elementor-toc__03ce7b7\" aria-expanded=\"true\" aria-label=\"Open table of contents\"><i aria-hidden=\"true\" class=\"fas fa-chevron-down\"><\/i><\/div>\n\t\t\t\t<div class=\"elementor-toc__toggle-button elementor-toc__toggle-button--collapse\" role=\"button\" tabindex=\"0\" aria-controls=\"elementor-toc__03ce7b7\" aria-expanded=\"true\" aria-label=\"Close table of contents\"><i aria-hidden=\"true\" class=\"fas fa-chevron-up\"><\/i><\/div>\n\t\t\t\t\t<\/div>\n\t\t\t\t<div id=\"elementor-toc__03ce7b7\" class=\"elementor-toc__body\">\n\t\t\t<div class=\"elementor-toc__spinner-container\">\n\t\t\t\t<i class=\"elementor-toc__spinner eicon-animation-spin eicon-loading\" aria-hidden=\"true\"><\/i>\t\t\t<\/div>\n\t\t<\/div>\n\t\t\t\t\t\t<\/div>\n\t\t\t\t<\/div>\n\t\t\t\t<div class=\"elementor-element elementor-element-3ed7322 elementor-widget elementor-widget-heading\" data-id=\"3ed7322\" data-element_type=\"widget\" data-e-type=\"widget\" data-widget_type=\"heading.default\">\n\t\t\t\t<div class=\"elementor-widget-container\">\n\t\t\t\t\t<h3 class=\"elementor-heading-title elementor-size-default\">Mi az EU K\u00e9k K\u00e1rtya?<\/h3>\t\t\t\t<\/div>\n\t\t\t\t<\/div>\n\t\t\t\t<div class=\"elementor-element elementor-element-2db88d83 elementor-widget elementor-widget-text-editor\" data-id=\"2db88d83\" data-element_type=\"widget\" data-e-type=\"widget\" data-widget_type=\"text-editor.default\">\n\t\t\t\t<div class=\"elementor-widget-container\">\n\t\t\t\t\t\t\t\t\t<p>A hossz\u00fa t\u00e1v\u00fa (90 napn\u00e1l hosszabb) munkav\u00e1llal\u00e1s c\u00e9lj\u00e1b\u00f3l Magyarorsz\u00e1gra \u00e9rkez\u0151knek a munkaviszony megkezd\u00e9s\u00e9hez rendelkezni\u00fck kell a megfelel\u0151 enged\u00e9llyel. Ennek egyik form\u00e1ja az <strong>EU k\u00e9k k\u00e1rtya, mely kifejezetten a magasan k\u00e9pzett munkav\u00e1llal\u00f3k \u00e1ltal k\u00e9relmezhet\u0151 enged\u00e9ly t\u00edpus<\/strong>. Az enged\u00e9ly t\u00edpus az \u00f6sszevont enged\u00e9lyez\u00e9si elj\u00e1r\u00e1s al\u00e1 tartoz\u00f3 enged\u00e9lyfajt\u00e1k egyike, mely egyszerre biztos\u00edtja a jogot tart\u00f3zkod\u00e1sra \u00e9s munkav\u00e1llal\u00e1sra.<\/p><p>Az enged\u00e9lyt\u00edpust EU ir\u00e1nyelv szab\u00e1lyozza, melynek c\u00e9lja, hogy kedvez\u0151v\u00e9 tegye az EU-n k\u00edv\u00fclr\u0151l \u00e9rkez\u0151 szakemberek sz\u00e1m\u00e1ra az eur\u00f3pai munkav\u00e1llal\u00e1st, valamint el\u0151seg\u00edtse a szak\u00e9rtelem EU-n bel\u00fcli \u00e1raml\u00e1s\u00e1t. Az EU ir\u00e1nyelve \u00e1ltal\u00e1noss\u00e1gban fogalmazza meg a k\u00f6z\u00f6s c\u00e9lokat, a pontos szab\u00e1lyoz\u00e1s kialak\u00edt\u00e1sa az egyes tag\u00e1llamok feladata. Emiatt a kapcsol\u00f3d\u00f3 jogokat, \u00fcgyint\u00e9z\u00e9si folyamatokat \u00e9rint\u0151en ak\u00e1r jelent\u0151sebb k\u00fcl\u00f6nbs\u00e9gek is el\u0151fordulhatnak a tag\u00e1llamok k\u00f6z\u00f6tt.<\/p>\t\t\t\t\t\t\t\t<\/div>\n\t\t\t\t<\/div>\n\t\t\t\t<div class=\"elementor-element elementor-element-25ebd618 elementor-widget elementor-widget-heading\" data-id=\"25ebd618\" data-element_type=\"widget\" data-e-type=\"widget\" data-widget_type=\"heading.default\">\n\t\t\t\t<div class=\"elementor-widget-container\">\n\t\t\t\t\t<h3 class=\"elementor-heading-title elementor-size-default\">Kik k\u00e9relmezhetnek EU K\u00e9k K\u00e1rty\u00e1t?<\/h3>\t\t\t\t<\/div>\n\t\t\t\t<\/div>\n\t\t\t\t<div class=\"elementor-element elementor-element-a0cf0e8 elementor-widget elementor-widget-text-editor\" data-id=\"a0cf0e8\" data-element_type=\"widget\" data-e-type=\"widget\" data-widget_type=\"text-editor.default\">\n\t\t\t\t<div class=\"elementor-widget-container\">\n\t\t\t\t\t\t\t\t\t<p>Magas szint\u0171 k\u00e9pzetts\u00e9ggel rendelkez\u0151 nem EGT-s \u00e1llampolg\u00e1rok, akik ilyen k\u00e9pzetts\u00e9get ig\u00e9nyl\u0151 munkak\u00f6rben terveznek munk\u00e1t v\u00e1llalni, valamint a fizet\u00e9se el\u00e9ri a t\u00f6rv\u00e9ny \u00e1ltal el\u0151\u00edrt b\u00e9rminimumot.<\/p>\t\t\t\t\t\t\t\t<\/div>\n\t\t\t\t<\/div>\n\t\t\t\t<div class=\"elementor-element elementor-element-64b3b816 elementor-widget elementor-widget-heading\" data-id=\"64b3b816\" data-element_type=\"widget\" data-e-type=\"widget\" data-widget_type=\"heading.default\">\n\t\t\t\t<div class=\"elementor-widget-container\">\n\t\t\t\t\t<h3 class=\"elementor-heading-title elementor-size-default\">Milyen foglalkoztat\u00e1si esetekre k\u00e9rhet\u0151 az EU K\u00e9k K\u00e1rtya?<\/h3>\t\t\t\t<\/div>\n\t\t\t\t<\/div>\n\t\t\t\t<div class=\"elementor-element elementor-element-6c6b681c elementor-widget elementor-widget-text-editor\" data-id=\"6c6b681c\" data-element_type=\"widget\" data-e-type=\"widget\" data-widget_type=\"text-editor.default\">\n\t\t\t\t<div class=\"elementor-widget-container\">\n\t\t\t\t\t\t\t\t\t<p>Az EU k\u00e9k k\u00e1rtya belf\u00f6ldi foglalkoztat\u00f3val fenn\u00e1ll\u00f3, helyi munkaszerz\u0151d\u00e9ses jogviszonyra k\u00e9rhet\u0151.<\/p><p>Munkaer\u0151-k\u00f6lcs\u00f6nz\u00e9s nem enged\u00e9lyezett.<\/p>\t\t\t\t\t\t\t\t<\/div>\n\t\t\t\t<\/div>\n\t\t\t\t<div class=\"elementor-element elementor-element-15b0abd6 elementor-widget elementor-widget-heading\" data-id=\"15b0abd6\" data-element_type=\"widget\" data-e-type=\"widget\" data-widget_type=\"heading.default\">\n\t\t\t\t<div class=\"elementor-widget-container\">\n\t\t\t\t\t<h3 class=\"elementor-heading-title elementor-size-default\">Mire jogos\u00edt az EU K\u00e9k K\u00e1rtya?<\/h3>\t\t\t\t<\/div>\n\t\t\t\t<\/div>\n\t\t\t\t<div class=\"elementor-element elementor-element-687a800c elementor-widget elementor-widget-text-editor\" data-id=\"687a800c\" data-element_type=\"widget\" data-e-type=\"widget\" data-widget_type=\"text-editor.default\">\n\t\t\t\t<div class=\"elementor-widget-container\">\n\t\t\t\t\t\t\t\t\t<p>Az EU K\u00e9k K\u00e1rtya meghat\u00e1rozott foglalkoztat\u00f3n\u00e1l, munkav\u00e9gz\u00e9si helyen \u00e9s poz\u00edci\u00f3ban t\u00f6rt\u00e9n\u0151 munkav\u00e9gz\u00e9sre jogos\u00edt a ki\u00e1ll\u00edt\u00e1s\u00e1t\u00f3l sz\u00e1m\u00edtott els\u0151 \u00e9vben.<\/p><p>Az els\u0151 \u00e9v eltelt\u00e9vel az EU K\u00e9k K\u00e1rtya birtokosa t\u00f6lthet be m\u00e1s poz\u00edci\u00f3t, vagy ak\u00e1r v\u00e1lthat munkahelyet, err\u0151l r\u00e9szletesen a <em>\u201eMunkahelyv\u00e1lt\u00e1s az EU k\u00e9k k\u00e1rty\u00e1val\u201d<\/em> pontban \u00edrunk.<\/p>\t\t\t\t\t\t\t\t<\/div>\n\t\t\t\t<\/div>\n\t\t\t\t<div class=\"elementor-element elementor-element-22892c66 elementor-widget elementor-widget-heading\" data-id=\"22892c66\" data-element_type=\"widget\" data-e-type=\"widget\" data-widget_type=\"heading.default\">\n\t\t\t\t<div class=\"elementor-widget-container\">\n\t\t\t\t\t<h3 class=\"elementor-heading-title elementor-size-default\">Mennyi ideig \u00e9rv\u00e9nyes az EU K\u00e9k K\u00e1rtya?<\/h3>\t\t\t\t<\/div>\n\t\t\t\t<\/div>\n\t\t\t\t<div class=\"elementor-element elementor-element-159018a4 elementor-widget elementor-widget-text-editor\" data-id=\"159018a4\" data-element_type=\"widget\" data-e-type=\"widget\" data-widget_type=\"text-editor.default\">\n\t\t\t\t<div class=\"elementor-widget-container\">\n\t\t\t\t\t\t\t\t\t<p>Az enged\u00e9ly maxim\u00e1lis \u00e9rv\u00e9nyess\u00e9gi ideje 4 \u00e9v, \u00e9s alkalmank\u00e9nt legfeljebb 4 \u00e9vvel hosszabb\u00edthat\u00f3. A kiadott enged\u00e9ly \u00e9rv\u00e9nyess\u00e9g\u00e9t a hivatal a munkaviszony tervezett hossza alapj\u00e1n hat\u00e1rozza meg.<\/p><p>A jogszab\u00e1lyok meghat\u00e1rozz\u00e1k, hogy az EU K\u00e9k k\u00e1rty\u00e1t legal\u00e1bb 2 \u00e9vre kell kiadni. Ez al\u00f3l kiv\u00e9tel az az eset, amikor a foglalkoztat\u00e1s tervezett id\u0151tartama r\u00f6videbb, mint k\u00e9t \u00e9v, ebben az esetben az EU K\u00e9k K\u00e1rtya \u00e9rv\u00e9nyess\u00e9ge a foglalkoztat\u00e1s tervezett idej\u00e9n\u00e9l h\u00e1rom h\u00f3nappal hosszabb lesz.<\/p><p>Az enged\u00e9ly \u00e9rv\u00e9nyess\u00e9g\u00e9t a fentieken t\u00fal a k\u00e9relmez\u0151 \u00fatlevele is befoly\u00e1solja: az EU K\u00e9k K\u00e1rtya legfeljebb az \u00fatlev\u00e9l lej\u00e1rat\u00e1nak napj\u00e1ig lehet \u00e9rv\u00e9nyes.<\/p><p>Az enged\u00e9ly k\u00e9relem elb\u00edr\u00e1l\u00e1sa sor\u00e1n a hivatal jogosult az enged\u00e9lyt a k\u00e9relmezett id\u0151n\u00e9l r\u00f6videbb id\u0151re korl\u00e1tozni, ha valamilyen k\u00f6r\u00fclm\u00e9ny alapj\u00e1n ezt indokoltnak l\u00e1tja (pl. eg\u00e9szs\u00e9gbiztos\u00edt\u00e1s, lakhat\u00e1s).<\/p>\t\t\t\t\t\t\t\t<\/div>\n\t\t\t\t<\/div>\n\t\t\t\t<div class=\"elementor-element elementor-element-57c841d6 elementor-widget elementor-widget-heading\" data-id=\"57c841d6\" data-element_type=\"widget\" data-e-type=\"widget\" data-widget_type=\"heading.default\">\n\t\t\t\t<div class=\"elementor-widget-container\">\n\t\t\t\t\t<h3 class=\"elementor-heading-title elementor-size-default\">Csal\u00e1dtagok helyzete<\/h3>\t\t\t\t<\/div>\n\t\t\t\t<\/div>\n\t\t\t\t<div class=\"elementor-element elementor-element-5586312c elementor-widget elementor-widget-text-editor\" data-id=\"5586312c\" data-element_type=\"widget\" data-e-type=\"widget\" data-widget_type=\"text-editor.default\">\n\t\t\t\t<div class=\"elementor-widget-container\">\n\t\t\t\t\t\t\t\t\t<p>Az EU K\u00e9k K\u00e1rtya birtokos\u00e1hoz <strong>csatlakozhatnak Magyarorsz\u00e1gon a csal\u00e1dtajaik is<\/strong>, r\u00e9sz\u00fckre csal\u00e1degyes\u00edt\u00e9si c\u00e9l\u00fa tart\u00f3zkod\u00e1si enged\u00e9lyt \u00e1ll\u00edt ki a hivatal a munkav\u00e1llal\u00f3 (eltart\u00f3) EU K\u00e9k K\u00e1rty\u00e1ja alapj\u00e1n.<\/p><p>Magyarorsz\u00e1gon az EU K\u00e9k K\u00e1rtya birtokos\u00e1nak csal\u00e1dtagja csak \u00e9rv\u00e9nyes, munkav\u00e1llal\u00e1sra jogos\u00edt\u00f3 enged\u00e9ly birtok\u00e1ban dolgozhat.<\/p>\t\t\t\t\t\t\t\t<\/div>\n\t\t\t\t<\/div>\n\t\t\t\t<div class=\"elementor-element elementor-element-6ed4f3d7 elementor-widget elementor-widget-heading\" data-id=\"6ed4f3d7\" data-element_type=\"widget\" data-e-type=\"widget\" data-widget_type=\"heading.default\">\n\t\t\t\t<div class=\"elementor-widget-container\">\n\t\t\t\t\t<h3 class=\"elementor-heading-title elementor-size-default\">Az EU K\u00e9k K\u00e1rtya ig\u00e9nyl\u00e9ssel kapcsolatos speci\u00e1lis k\u00f6vetelm\u00e9nyek<\/h3>\t\t\t\t<\/div>\n\t\t\t\t<\/div>\n\t\t\t\t<div class=\"elementor-element elementor-element-203bf082 elementor-widget elementor-widget-text-editor\" data-id=\"203bf082\" data-element_type=\"widget\" data-e-type=\"widget\" data-widget_type=\"text-editor.default\">\n\t\t\t\t<div class=\"elementor-widget-container\">\n\t\t\t\t\t\t\t\t\t<p>Az EU K\u00e9k K\u00e1rty\u00e1val t\u00f6rt\u00e9n\u0151 munkav\u00e1llal\u00e1s eset\u00e9n a munk\u00e1ltat\u00f3 \u00e1ltal meghat\u00e1rozott munkak\u00f6rnek minden r\u00e9szlet\u00e9ben <strong>meg kell felelnie a jogszab\u00e1lyi el\u0151\u00edr\u00e1soknak<\/strong>:<\/p><ul><li>Az EU K\u00e9k K\u00e1rtya <strong>kiz\u00e1r\u00f3lag magas k\u00e9pzetts\u00e9get ig\u00e9nyl\u0151<\/strong>, az 1-es \u00e9s 2-es FEOR f\u0151csoportban szerepl\u0151 munkak\u00f6r\u00f6kben ig\u00e9nyelhet\u0151<\/li><li>A munkav\u00e1llal\u00f3 a bet\u00f6ltend\u0151 munkak\u00f6rh\u00f6z <strong> relev\u00e1ns fels\u0151fok\u00fa szakmai v\u00e9gzetts\u00e9ggel kell rendelkezzen<\/strong> (Bizonyos esetekben a relev\u00e1ns v\u00e9gzetts\u00e9g igazolt szakmai tapasztalattal kiv\u00e1lthat\u00f3, azonban fels\u0151fok\u00fa diploma megl\u00e9te minden esetben alapk\u00f6vetelm\u00e9ny).<\/li><li>A foglalkoztat\u00e1s id\u0151tartama <strong>legal\u00e1bb 6 h\u00f3nap kell legyen<\/strong>, \u00edgy az el\u0151zetes meg\u00e1llapod\u00e1st is ennyi id\u0151re kell megk\u00f6tni.<\/li><li>Az EU K\u00e9k K\u00e1rtya eset\u00e9ben <strong> a t\u00f6rv\u00e9ny b\u00e9rminimumot hat\u00e1roz meg.<\/strong> Az EU K\u00e9k K\u00e1rtya birtokosa r\u00e9sz\u00e9re fizetend\u0151 munkad\u00edj \u00f6sszege folyamatosan meg kell feleljen a mindenkori, EU K\u00e9k K\u00e1rty\u00e1ra meghat\u00e1rozott legkisebb munkab\u00e9rnek, melynek \u00f6sszege 2026-ban brutt\u00f3 1 001 048 Ft.<\/li><\/ul>\t\t\t\t\t\t\t\t<\/div>\n\t\t\t\t<\/div>\n\t\t\t\t<div class=\"elementor-element elementor-element-843e3df elementor-widget elementor-widget-text-editor\" data-id=\"843e3df\" data-element_type=\"widget\" data-e-type=\"widget\" data-widget_type=\"text-editor.default\">\n\t\t\t\t<div class=\"elementor-widget-container\">\n\t\t\t\t\t\t\t\t\t<p>Fentieken k\u00edv\u00fcl a munkab\u00e9r meg kell feleljen a munkak\u00f6r eset\u00e9n \u00e1ltal\u00e1nosan \u00e9rv\u00e9nyes b\u00e9rminimumnak (FEOR sz\u00e1m alapj\u00e1n).<\/p>\t\t\t\t\t\t\t\t<\/div>\n\t\t\t\t<\/div>\n\t\t\t\t<div class=\"elementor-element elementor-element-11c30572 elementor-widget elementor-widget-heading\" data-id=\"11c30572\" data-element_type=\"widget\" data-e-type=\"widget\" data-widget_type=\"heading.default\">\n\t\t\t\t<div class=\"elementor-widget-container\">\n\t\t\t\t\t<h3 class=\"elementor-heading-title elementor-size-default\">A k\u00e9relmez\u00e9s folyamata<\/h3>\t\t\t\t<\/div>\n\t\t\t\t<\/div>\n\t\t\t\t<div class=\"elementor-element elementor-element-5be5e698 elementor-widget elementor-widget-text-editor\" data-id=\"5be5e698\" data-element_type=\"widget\" data-e-type=\"widget\" data-widget_type=\"text-editor.default\">\n\t\t\t\t<div class=\"elementor-widget-container\">\n\t\t\t\t\t\t\t\t\t<p>A kor\u00e1bbi szab\u00e1lyoz\u00e1shoz k\u00e9pest fontos v\u00e1ltoz\u00e1s, hogy m\u00e1r els\u0151 enged\u00e9lyk\u00e9nt is k\u00e9rhet\u0151 EU K\u00e9k K\u00e1rtya, vagyis nem felt\u00e9tele a kor\u00e1bbi magyarorsz\u00e1gi, vagy EU-n bel\u00fcli tart\u00f3zkod\u00e1s.<\/p><p>Az EU K\u00e9k K\u00e1rtya ir\u00e1nti k\u00e9relem konkr\u00e9t \u00e1ll\u00e1saj\u00e1nlat birtok\u00e1ban, meghat\u00e1rozott foglalkoztat\u00f3ra, munkav\u00e9gz\u00e9si helyre \u00e9s poz\u00edci\u00f3ra sz\u00f3l\u00f3 el\u0151zetes meg\u00e1llapod\u00e1s birtok\u00e1ban ny\u00fajthat\u00f3 be.<\/p><p>Az els\u0151 k\u00e9relem beny\u00fajt\u00e1sa v\u00edzumk\u00f6telezett orsz\u00e1g \u00e1llampolg\u00e1ra eset\u00e9ben szem\u00e9lyesen, a sz\u00e1rmaz\u00e1si orsz\u00e1ga, vagy a tart\u00f3zkod\u00e1si helye szerinti orsz\u00e1gban tal\u00e1lhat\u00f3 magyar konzul\u00e1tuson t\u00f6rt\u00e9nik.<\/p><p>Amennyiben nem v\u00edzumk\u00f6telezett orsz\u00e1g \u00e1llampolg\u00e1ra turistak\u00e9nt beutazott, az els\u0151 k\u00e9relm\u00e9t online, a bev\u00e1ndorl\u00e1si hivatal EnterHungary nev\u0171 honlapj\u00e1n kereszt\u00fcl ig\u00e9nyelheti.<\/p><p>Ha a k\u00e9relmez\u0151 m\u00e1r Magyarorsz\u00e1gon tart\u00f3zkodik \u00e9s meghosszabb\u00edtja az enged\u00e9ly\u00e9t, a hosszabb\u00edt\u00e1si k\u00e9relm\u00e9t online kell beny\u00fajtania. Az enged\u00e9ly hosszabb\u00edt\u00e1si k\u00e9relmet legk\u00e9s\u0151bb az \u00e9rv\u00e9nyess\u00e9gi id\u0151 lej\u00e1rata el\u0151tt 30 nappal kell beny\u00fajtani.<\/p><p>Amennyiben a k\u00e9relmez\u0151 m\u00e1s EU tagorsz\u00e1gban ki\u00e1ll\u00edtott EU K\u00e9k K\u00e1rty\u00e1val rendelkezik, k\u00e9relm\u00e9t beny\u00fajthatja a bev\u00e1ndorl\u00e1si hivatal EnterHungary nev\u0171 honlapj\u00e1n kereszt\u00fcl.<\/p><p>Az EU K\u00e9k K\u00e1rtya ir\u00e1nti k\u00e9relem beny\u00fajthat\u00f3 foglalkoztat\u00f3 \u00e1ltal is a k\u00e9relmez\u0151 szem\u00e9lyes jelenl\u00e9te n\u00e9lk\u00fcl, ebben az esetben a k\u00e9relmet a bev\u00e1ndorl\u00e1si hivatal EnterHungary nev\u0171 honlapj\u00e1n kereszt\u00fcl kell beny\u00fajtani.<\/p><p>Az EU K\u00e9k K\u00e1rtya k\u00e9relem elb\u00edr\u00e1l\u00e1si ideje 60 nap. EU-n bel\u00fcli mobilit\u00e1s eset\u00e9n a b\u00edr\u00e1lati id\u0151 30 nap.<\/p>\t\t\t\t\t\t\t\t<\/div>\n\t\t\t\t<\/div>\n\t\t\t\t<div class=\"elementor-element elementor-element-65714058 elementor-widget elementor-widget-heading\" data-id=\"65714058\" data-element_type=\"widget\" data-e-type=\"widget\" data-widget_type=\"heading.default\">\n\t\t\t\t<div class=\"elementor-widget-container\">\n\t\t\t\t\t<h3 class=\"elementor-heading-title elementor-size-default\">Munkahelyv\u00e1lt\u00e1s az EU k\u00e9k k\u00e1rty\u00e1val<\/h3>\t\t\t\t<\/div>\n\t\t\t\t<\/div>\n\t\t\t\t<div class=\"elementor-element elementor-element-39f0b9e1 elementor-widget elementor-widget-text-editor\" data-id=\"39f0b9e1\" data-element_type=\"widget\" data-e-type=\"widget\" data-widget_type=\"text-editor.default\">\n\t\t\t\t<div class=\"elementor-widget-container\">\n\t\t\t\t\t\t\t\t\t<p>Az EU K\u00e9k K\u00e1rty\u00e1ra vonatkoz\u00f3 uni\u00f3s ir\u00e1nyelvvel \u00f6sszhangban \u00e1ll\u00f3 magyar jogszab\u00e1lyok \u2013 melyek v\u00e1rhat\u00f3an egyszer\u0171s\u00edtik a munkahelyv\u00e1lt\u00e1st \u2013 kidolgoz\u00e1sa m\u00e9g folyamatban van. A t\u00e9m\u00e1r\u00f3l b\u0151vebb inform\u00e1ci\u00f3 itt tal\u00e1lhat\u00f3: <a href=\"https:\/\/settlers.hu\/hu\/munkahelyvaltas-eu-kek-kartya-birtokaban\/\">Munkahelyv\u00e1lt\u00e1s EU K\u00e9k k\u00e1rtya birtok\u00e1ban<\/a><\/p>\t\t\t\t\t\t\t\t<\/div>\n\t\t\t\t<\/div>\n\t\t\t\t<div class=\"elementor-element elementor-element-62410e34 elementor-widget elementor-widget-heading\" data-id=\"62410e34\" data-element_type=\"widget\" data-e-type=\"widget\" data-widget_type=\"heading.default\">\n\t\t\t\t<div class=\"elementor-widget-container\">\n\t\t\t\t\t<h3 class=\"elementor-heading-title elementor-size-default\">Huzamos tart\u00f3zkod\u00e1s lehet\u0151s\u00e9ge<\/h3>\t\t\t\t<\/div>\n\t\t\t\t<\/div>\n\t\t\t\t<div class=\"elementor-element elementor-element-505b0a3c elementor-widget elementor-widget-text-editor\" data-id=\"505b0a3c\" data-element_type=\"widget\" data-e-type=\"widget\" data-widget_type=\"text-editor.default\">\n\t\t\t\t<div class=\"elementor-widget-container\">\n\t\t\t\t\t\t\t\t\t<p>EU Blue Card holders and their family members can apply for long-term residence rights (<a href=\"https:\/\/settlers.hu\/hu\/nemzeti-tartozkodasi-kartya\/\">National residence card<\/a>, <a href=\"https:\/\/settlers.hu\/hu\/eu-tartozkodasi-kartya\/\">EU residence card<\/a>) in Hungary if the related conditions are met.<\/p>\t\t\t\t\t\t\t\t<\/div>\n\t\t\t\t<\/div>\n\t\t\t\t<div class=\"elementor-element elementor-element-e3ef5bd elementor-widget elementor-widget-heading\" data-id=\"e3ef5bd\" data-element_type=\"widget\" data-e-type=\"widget\" data-widget_type=\"heading.default\">\n\t\t\t\t<div class=\"elementor-widget-container\">\n\t\t\t\t\t<h3 class=\"elementor-heading-title elementor-size-default\">Mobilit\u00e1s az EU-n bel\u00fcl<\/h3>\t\t\t\t<\/div>\n\t\t\t\t<\/div>\n\t\t\t\t<div class=\"elementor-element elementor-element-095527a elementor-widget elementor-widget-text-editor\" data-id=\"095527a\" data-element_type=\"widget\" data-e-type=\"widget\" data-widget_type=\"text-editor.default\">\n\t\t\t\t<div class=\"elementor-widget-container\">\n\t\t\t\t\t\t\t\t\t<p>Az EU ir\u00e1nyelv egyik fontos c\u00e9lja, hogy biztos\u00edtsa a szak\u00e9rtelem egyszer\u0171 \u00e1raml\u00e1s\u00e1t a tag\u00e1llamok k\u00f6z\u00f6tt. Ennek f\u00e9ny\u00e9ben a magyar szab\u00e1lyoz\u00e1s is biztos\u00edt k\u00f6nny\u00edt\u00e9seket az EU m\u00e1s tag\u00e1llam\u00e1ban m\u00e1r \u00e9rv\u00e9nyes EU K\u00e9k K\u00e1rty\u00e1val rendelkez\u0151 munkav\u00e1llal\u00f3k sz\u00e1m\u00e1ra. Azon munkav\u00e1llal\u00f3k, akik m\u00e1r legal\u00e1bb egy \u00e9ve EU K\u00e9k K\u00e1rty\u00e1val rendelkeznek m\u00e1s EU tagorsz\u00e1gban, gyors\u00edtott elj\u00e1r\u00e1sban ig\u00e9nyelhetnek Magyarorsz\u00e1gon ilyen t\u00edpus\u00fa enged\u00e9lyt.<\/p><p>Az enged\u00e9ly kiad\u00e1s\u00e1nak t\u00f6bbi felt\u00e9tele ebben az esetben is v\u00e1ltozatlanul fenn\u00e1ll.<\/p>\t\t\t\t\t\t\t\t<\/div>\n\t\t\t\t<\/div>\n\t\t\t\t<div class=\"elementor-element elementor-element-6d68a79d elementor-widget elementor-widget-image\" data-id=\"6d68a79d\" data-element_type=\"widget\" data-e-type=\"widget\" data-widget_type=\"image.default\">\n\t\t\t\t<div class=\"elementor-widget-container\">\n\t\t\t\t\t\t\t\t\t\t\t\t\t\t\t<img decoding=\"async\" width=\"300\" height=\"11\" src=\"https:\/\/settlers.hu\/wp-content\/uploads\/2024\/03\/pottyok-egysor-300x11.png\" class=\"attachment-medium size-medium wp-image-2243\" alt=\"\" srcset=\"https:\/\/settlers.hu\/wp-content\/uploads\/2024\/03\/pottyok-egysor-300x11.png 300w, https:\/\/settlers.hu\/wp-content\/uploads\/2024\/03\/pottyok-egysor.png 683w\" sizes=\"(max-width: 300px) 100vw, 300px\" \/>\t\t\t\t\t\t\t\t\t\t\t\t\t\t\t<\/div>\n\t\t\t\t<\/div>\n\t\t\t\t<div class=\"elementor-element elementor-element-6fbab2c0 elementor-widget elementor-widget-text-editor\" data-id=\"6fbab2c0\" data-element_type=\"widget\" data-e-type=\"widget\" data-widget_type=\"text-editor.default\">\n\t\t\t\t<div class=\"elementor-widget-container\">\n\t\t\t\t\t\t\t\t\t<p>Amennyiben seg\u00edts\u00e9gre van sz\u00fcks\u00e9ge az EU K\u00e9k K\u00e1rtya ig\u00e9nyl\u00e9s\u00e9ben, keresse irod\u00e1nkat a honlapon tal\u00e1lhat\u00f3 el\u00e9rhet\u0151s\u00e9geken.<\/p>\t\t\t\t\t\t\t\t<\/div>\n\t\t\t\t<\/div>\n\t\t\t\t<div class=\"elementor-element elementor-element-692ede99 elementor-widget-divider--view-line elementor-widget elementor-widget-divider\" data-id=\"692ede99\" data-element_type=\"widget\" data-e-type=\"widget\" data-widget_type=\"divider.default\">\n\t\t\t\t<div class=\"elementor-widget-container\">\n\t\t\t\t\t\t\t<div class=\"elementor-divider\">\n\t\t\t<span class=\"elementor-divider-separator\">\n\t\t\t\t\t\t<\/span>\n\t\t<\/div>\n\t\t\t\t\t\t<\/div>\n\t\t\t\t<\/div>\n\t\t\t\t<div class=\"elementor-element elementor-element-41934246 elementor-widget elementor-widget-text-editor\" data-id=\"41934246\" data-element_type=\"widget\" data-e-type=\"widget\" data-widget_type=\"text-editor.default\">\n\t\t\t\t<div class=\"elementor-widget-container\">\n\t\t\t\t\t\t\t\t\t<p>A k\u00e9relmez\u00e9si folyamatr\u00f3l hivatalos t\u00e1j\u00e9koztat\u00e1s, illetve a sz\u00fcks\u00e9ges formanyomtatv\u00e1nyok megtal\u00e1lhat\u00f3ak az <strong><a href=\"https:\/\/oif.gov.hu\/tajekoztatok\/az-eu-kek-kartya\" target=\"_blank\" rel=\"noopener\">Orsz\u00e1gos Idegenrend\u00e9szeti F\u0151igazgat\u00f3s\u00e1g honlapj\u00e1n.<\/a><\/strong><\/p>\t\t\t\t\t\t\t\t<\/div>\n\t\t\t\t<\/div>\n\t\t\t\t<div class=\"elementor-element elementor-element-5cf037d0 elementor-widget elementor-widget-text-editor\" data-id=\"5cf037d0\" data-element_type=\"widget\" data-e-type=\"widget\" data-widget_type=\"text-editor.default\">\n\t\t\t\t<div class=\"elementor-widget-container\">\n\t\t\t\t\t\t\t\t\t<p>Az enged\u00e9ly k\u00e9relmek elj\u00e1r\u00e1si d\u00edjair\u00f3l a t\u00e1j\u00e9koztat\u00f3 <a href=\"https:\/\/oif.gov.hu\/tajekoztatok\/eljarasi-dijak\" target=\"_blank\" rel=\"noopener\"><strong>itt<\/strong><\/a> tal\u00e1lhat\u00f3.<\/p>\t\t\t\t\t\t\t\t<\/div>\n\t\t\t\t<\/div>\n\t\t\t\t\t<\/div>\n\t\t<\/div>\n\t\t\t\t<div class=\"elementor-column elementor-col-50 elementor-inner-column elementor-element elementor-element-2b327683\" data-id=\"2b327683\" data-element_type=\"column\" data-e-type=\"column\" data-settings=\"{&quot;background_background&quot;:&quot;classic&quot;}\">\n\t\t\t<div class=\"elementor-widget-wrap elementor-element-populated\">\n\t\t\t\t\t<div class=\"elementor-background-overlay\"><\/div>\n\t\t\t\t\t\t<div class=\"elementor-element elementor-element-11328c21 elementor-widget elementor-widget-heading\" data-id=\"11328c21\" data-element_type=\"widget\" data-e-type=\"widget\" data-widget_type=\"heading.default\">\n\t\t\t\t<div class=\"elementor-widget-container\">\n\t\t\t\t\t<h1 class=\"elementor-heading-title elementor-size-default\">Legfrissebb cikkeink<\/h1>\t\t\t\t<\/div>\n\t\t\t\t<\/div>\n\t\t\t\t\t<\/div>\n\t\t<\/div>\n\t\t\t\t\t<\/div>\n\t\t<\/section>\n\t\t\t\t\t<\/div>\n\t\t<\/div>\n\t\t\t\t\t<\/div>\n\t\t<\/section>\n\t\t\t\t<\/div>\n\t\t","protected":false},"excerpt":{"rendered":"<p>Az EU k\u00e9k k\u00e1rtya kifejezetten a magasan k\u00e9pzett munkav\u00e1llal\u00f3k \u00e1ltal k\u00e9relmezhet\u0151 enged\u00e9ly t\u00edpus<\/p>\n","protected":false},"author":4,"featured_media":0,"parent":0,"menu_order":0,"comment_status":"closed","ping_status":"closed","template":"","meta":{"footnotes":""},"class_list":["post-3035","page","type-page","status-publish","hentry"],"_links":{"self":[{"href":"https:\/\/settlers.hu\/hu\/wp-json\/wp\/v2\/pages\/3035","targetHints":{"allow":["GET"]}}],"collection":[{"href":"https:\/\/settlers.hu\/hu\/wp-json\/wp\/v2\/pages"}],"about":[{"href":"https:\/\/settlers.hu\/hu\/wp-json\/wp\/v2\/types\/page"}],"author":[{"embeddable":true,"href":"https:\/\/settlers.hu\/hu\/wp-json\/wp\/v2\/users\/4"}],"replies":[{"embeddable":true,"href":"https:\/\/settlers.hu\/hu\/wp-json\/wp\/v2\/comments?post=3035"}],"version-history":[{"count":26,"href":"https:\/\/settlers.hu\/hu\/wp-json\/wp\/v2\/pages\/3035\/revisions"}],"predecessor-version":[{"id":5062,"href":"https:\/\/settlers.hu\/hu\/wp-json\/wp\/v2\/pages\/3035\/revisions\/5062"}],"wp:attachment":[{"href":"https:\/\/settlers.hu\/hu\/wp-json\/wp\/v2\/media?parent=3035"}],"curies":[{"name":"wp","href":"https:\/\/api.w.org\/{rel}","templated":true}]}}